{"id":8007,"date":"2025-09-19T14:09:03","date_gmt":"2025-09-19T12:09:03","guid":{"rendered":"https:\/\/www.sud-expertise.fr\/datenschutzerklaerung\/"},"modified":"2025-11-03T11:59:39","modified_gmt":"2025-11-03T10:59:39","slug":"datenschutzerklaerung","status":"publish","type":"page","link":"https:\/\/www.sud-expertise.fr\/de\/datenschutzerklaerung\/","title":{"rendered":"Datenschutzerkl\u00e4rung"},"content":{"rendered":"\n<p><\/p><h1 class=\"uniq-page-title\">Politique de confidentialit\u00e9<\/h1>DONN\u00c9ES PERSONNELLES \u2013 RGPD \u2013 AVIS DE CONFIDENTIALIT\u00c9S<br\/>Cette page explique comment les donn\u00e9es \u00e0 caract\u00e8re personnel (\u00ab Donn\u00e9es \u00bb) que vous avez fournies par l\u2019interm\u00e9diaire de ce site web et qui ont \u00e9t\u00e9 collect\u00e9es par Ar\u00f4me (\u00ab nous \u00bb, \u00ab notre \u00bb) seront trait\u00e9es conform\u00e9ment aux lois et r\u00e8glements applicables. Nous nous engageons \u00e0 prot\u00e9ger et \u00e0 respecter votre vie priv\u00e9e.\n\n<ol class=\"wp-block-list\">\n<li>WIE ERHEBEN WIR IHRE DATEN?<br\/>Die Daten, die wir erheben, verarbeiten und speichern k\u00f6nnen, sind folgende:<br\/>\u2022 Die Daten, die Sie uns zur Erbringung einer bestimmten Dienstleistung oder im Rahmen unserer Gesch\u00e4ftsbeziehung zur Verf\u00fcgung gestellt haben (wie z. B. Ihre Kontaktdaten, Ihre beruflichen Daten, finanzielle oder technische Informationen);<br\/>\u2022 Daten bez\u00fcglich Ihrer Navigation auf unserer Website oder Daten, die aus Ihrer Interaktion mit unserer Website resultieren;<br\/>\u2022 Cookies<br\/>Im Allgemeinen werden diese Daten direkt von Ihnen erhoben, aber in einigen F\u00e4llen kann es vorkommen, dass wir Daten \u00fcber Sie von Dritten oder aus \u00f6ffentlichen Dokumenten beziehen. In solchen F\u00e4llen sch\u00fctzen wir die von diesen Dritten erhaltenen Daten gem\u00e4\u00df den in dieser Datenschutzerkl\u00e4rung beschriebenen Praktiken. <\/li>\n\n\n\n<li>WIE VERWENDEN WIR IHRE DATEN?<br\/>Die erhobenen Daten k\u00f6nnen von uns zu folgenden Zwecken verarbeitet werden:<\/li>\n\n\n\n<li>Um alle Ihre Fragen zu beantworten, indem wir Ihnen Informationen zu unseren Produkten, Dienstleistungen, Angeboten oder unserem Vertriebsnetz bereitstellen;<\/li>\n\n\n\n<li>Um die Beziehung, die wir zu Ihnen pflegen, aufzubauen, zu unterhalten und zu entwickeln;<\/li>\n\n\n\n<li>Vorbehaltlich Ihrer Einwilligung, um Ihnen unsere Newsletter, kommerzielle Mitteilungen sowie Werbung f\u00fcr unsere Produkte und Dienstleistungen zukommen zu lassen oder Marktstudien durchzuf\u00fchren. Alle diese Vorg\u00e4nge k\u00f6nnen auf Papier oder mit automatisierten oder elektronischen Mitteln durchgef\u00fchrt werden, einschlie\u00dflich per Post oder E-Mail, telefonisch (z. B. automatisierte Anrufe, SMS, MMS, Fax) und auf andere Weise (z. B. Websites, mobile Anwendungen): \u201eMARKETINGAKTIVIT\u00c4TEN\u201c; <\/li>\n\n\n\n<li>Vorbehaltlich Ihrer Einwilligung, um Ihre Daten an mit Ar\u00f4me verbundene Unternehmen und unsere Partner weiterzugeben. Diese Partner verarbeiten Ihre Daten, um Ihnen ihre kommerziellen Mitteilungen sowie Werbung f\u00fcr ihre Produkte und Dienstleistungen zukommen zu lassen oder Marktstudien durchzuf\u00fchren: \u201eDRITTANBIETER-MARKETING\u201c;<br\/>Die Rechtm\u00e4\u00dfigkeit der unter den Punkten (i) und (ii) genannten Verarbeitungen beruht auf den Rechtsgrundlagen der Vertragserf\u00fcllung und der Wahrung unserer berechtigten Interessen, und die unter den Punkten (iii) und (iv) genannten auf der von Ihnen erteilten Einwilligung. Hierzu weisen wir Sie darauf hin, dass Sie die uns erteilte Einwilligung jederzeit widerrufen k\u00f6nnen. Ihre Daten k\u00f6nnen elektronisch in unseren IT-Systemen oder manuell auf Papier verarbeitet werden. Ihre Daten werden rechtm\u00e4\u00dfig, fair und transparent verarbeitet und w\u00e4hrend ihrer gesamten Aufbewahrungsdauer so gespeichert, dass ihre Sicherheit und Vertraulichkeit gem\u00e4\u00df den geltenden Gesetzen und Vorschriften gew\u00e4hrleistet ist.       <\/li>\n\n\n\n<li>FOLGEN DER NICHTBEREITSTELLUNG VON DATEN<br\/>Die Bereitstellung Ihrer Daten ist niemals obligatorisch. Wenn Sie jedoch Daten, die f\u00fcr die Erbringung einer Dienstleistung oder eines Produkts erforderlich sind, nicht \u00fcbermitteln, k\u00f6nnen wir Ihnen nicht zusichern, dass wir Ihnen die gew\u00fcnschte Dienstleistung oder das gew\u00fcnschte Produkt bereitstellen oder die Qualit\u00e4t dieser Dienstleistung oder dieses Produkts gew\u00e4hrleisten k\u00f6nnen. Wenn Sie hingegen optionale Daten nicht angeben, k\u00f6nnen Sie dennoch auf die Dienstleistung zugreifen oder das betreffende Produkt erhalten.  <\/li>\n\n\n\n<li>WIE TEILEN WIR IHRE DATEN?<br\/>Wir sind Anbieter von Kommunikations- und Marketingl\u00f6sungen. Ihre Daten k\u00f6nnen an unsere Partner, vertrauensw\u00fcrdige Dritte, unsere Dienstleister, unsere Gesch\u00e4ftspartner, die innerhalb und au\u00dferhalb der Europ\u00e4ischen Union ans\u00e4ssig sind, weitergegeben und \u00fcbermittelt werden, sofern diese angemessenen vertraglichen Verpflichtungen unterliegen und die Daten nur im Rahmen der oben genannten Zwecke verwenden d\u00fcrfen.<br\/>Ihre Daten k\u00f6nnen auch an Dritte weitergegeben werden, wenn wir gesetzlich dazu verpflichtet sind, um unsere Sicherheit und die von Ar\u00f4me zu gew\u00e4hrleisten und zu sch\u00fctzen, um unsere Rechte oder Interessen oder die von Ar\u00f4me zu sch\u00fctzen, um beh\u00f6rdlichen Anordnungen nachzukommen oder um unsere Rechte vor Gerichtsbeh\u00f6rden geltend zu machen. <\/li>\n\n\n\n<li>WIE \u00dcBERTRAGEN WIR IHRE DATEN?<br\/>Um bestimmte der oben genannten Datenverarbeitungsvorg\u00e4nge durchzuf\u00fchren, k\u00f6nnen wir Ihre Daten in L\u00e4nder au\u00dferhalb des Europ\u00e4ischen Wirtschaftsraums (EWR) \u00fcbertragen, einschlie\u00dflich der Speicherung dieser Daten in digitalen oder physischen Datenbanken, die von Unternehmen in unserem Auftrag verwaltet werden. Die Verwaltung dieser Datenbanken und die Verarbeitung der Daten sind auf die Verarbeitungszwecke beschr\u00e4nkt und erfolgen gem\u00e4\u00df den geltenden Datenschutzgesetzen und -vorschriften.<br\/>Werden Ihre Daten au\u00dferhalb des EWR \u00fcbertragen, werden wir alle geeigneten vertraglichen Ma\u00dfnahmen ergreifen, um den angemessenen Schutz Ihrer Daten zu gew\u00e4hrleisten, insbesondere Vereinbarungen, die auf den von der Europ\u00e4ischen Kommission angenommenen Standardvertragsklauseln f\u00fcr den Transfer personenbezogener Daten au\u00dferhalb des EWR basieren. <\/li>\n\n\n\n<li>SPEICHERUNG IHRER DATEN<br\/>Wir speichern Ihre Daten in unseren Systemen und Archiven so lange, wie es zur Verfolgung der in dieser Datenschutzerkl\u00e4rung beschriebenen Zwecke erforderlich ist, und ber\u00fccksichtigen dabei gegebenenfalls die gesetzlichen und vertraglichen Anforderungen.<br\/>Wenn Ihre Daten f\u00fcr die Zwecke, f\u00fcr die sie verarbeitet wurden, nicht mehr erforderlich sind, werden sie gel\u00f6scht oder in einer Form aufbewahrt, die Ihre Identifizierung nicht mehr zul\u00e4sst, es sei denn, wir sind gesetzlich verpflichtet oder berechtigt, diese Daten aufzubewahren. Dar\u00fcber hinaus k\u00f6nnten wir Daten \u00fcber einen l\u00e4ngeren Zeitraum speichern, wenn dies zum Schutz unserer Interessen im Falle einer Haftbarmachung im Zusammenhang mit der Bereitstellung von Dienstleistungen oder Produkten oder der Datenverarbeitung erforderlich w\u00e4re. Daten, die zu Marketing- und Profilingzwecken verarbeitet werden, werden gespeichert, bis Sie Ihre Einwilligung widerrufen, und in jedem Fall unter Einhaltung der oben genannten Grunds\u00e4tze und der von den zust\u00e4ndigen Datenschutzbeh\u00f6rden erteilten Richtlinien. <\/li>\n\n\n\n<li>VERANTWORTLICHER F\u00dcR DIE VERARBEITUNG IHRER DATEN<br\/>Sud Expertise, mit Sitz in 8 bis Bd Saint-Michel, 84000 Avignon, ist Verantwortlicher f\u00fcr die Verarbeitung der Daten, die sie im Rahmen dieser Datenschutzerkl\u00e4rung erhebt, verarbeitet und speichert. Der Datenschutzbeauftragte (DSB) ist J\u00e9r\u00f4me Liffran, Telefon: 04 90 87 05 50 <\/li>\n\n\n\n<li>IHRE RECHTE BEZ\u00dcGLICH IHRER DATEN<br\/>Sie k\u00f6nnen Ihre Rechte, wie sie in den geltenden Gesetzen und Vorschriften definiert sind, aus\u00fcben, insbesondere:<br\/>\u2022 Auskunftsrecht: das Recht, vom Verantwortlichen die Best\u00e4tigung zu erhalten, ob Ihre Daten verarbeitet werden oder nicht, und, falls ja, Zugang zu Ihren Daten zu verlangen.<br\/>\u2022 Recht auf Berichtigung: das Recht, vom Verantwortlichen die Berichtigung von Daten zu verlangen, die Sie f\u00fcr ungenau oder unvollst\u00e4ndig halten, einschlie\u00dflich der Bereitstellung einer erg\u00e4nzenden Erkl\u00e4rung.<br\/>\u2022 Recht auf L\u00f6schung: das Recht, vom Verantwortlichen die unverz\u00fcgliche L\u00f6schung Ihrer Daten zu verlangen, wenn der Antrag gem\u00e4\u00df den geltenden Gesetzen und Vorschriften gestellt wird.<br\/>\u2022 Widerspruchsrecht: das Recht, jederzeit der Verarbeitung Ihrer Daten zu widersprechen, es sei denn, der Verantwortliche weist zwingende schutzw\u00fcrdige Gr\u00fcnde nach, die Ihr Recht \u00fcberwiegen.<br\/>\u2022 Recht auf Einschr\u00e4nkung der Verarbeitung: das Recht, vom Verantwortlichen eine Einschr\u00e4nkung der Verarbeitungst\u00e4tigkeiten zu erhalten, wenn die Richtigkeit und Genauigkeit der Daten bestritten wird, und zwar f\u00fcr einen Zeitraum, der es dem Verantwortlichen erm\u00f6glicht, die Richtigkeit der Daten zu \u00fcberpr\u00fcfen.<br\/>\u2022 Recht auf Daten\u00fcbertragbarkeit: das Recht, die Daten, die Sie dem Verantwortlichen bereitgestellt haben, in einem strukturierten, g\u00e4ngigen und maschinenlesbaren Format zu erhalten. Sie haben auch das Recht, diese Daten einem anderen Verantwortlichen ohne Behinderung durch uns zu \u00fcbermitteln, wenn die Verarbeitung auf einer Einwilligung oder einem Vertrag beruht und mittels automatisierter Verfahren erfolgt. <br\/>\u2022 Beschwerderecht: Unbeschadet eines anderweitigen verwaltungsrechtlichen oder gerichtlichen Rechtsbehelfs haben Sie das Recht, eine Beschwerde bei der Aufsichtsbeh\u00f6rde des Mitgliedstaats einzulegen, in dem Sie Ihren gew\u00f6hnlichen Aufenthalt oder Arbeitsplatz haben oder in dem ein Versto\u00df stattgefunden hat, wenn Sie der Ansicht sind, dass die Verarbeitung Ihrer Daten unrechtm\u00e4\u00dfig oder nicht im Einklang mit den geltenden Gesetzen und Vorschriften erfolgt ist.<br\/>Sie k\u00f6nnen die oben genannten Rechte aus\u00fcben, indem Sie uns wie folgt kontaktieren:<br\/>\u2022 Per E-Mail an contact@liffran.com; in diesem Fall<br\/>Wenn Sie uns eine Anfrage senden, behalten wir uns das Recht vor, zus\u00e4tzliche Informationen von Ihnen anzufordern, um Ihre Identit\u00e4t zu \u00fcberpr\u00fcfen und Sie bei Bedarf zu kontaktieren. Diese Informationen sowie andere Daten, die uns bereits vorliegen, werden dann verarbeitet, um Ihre Anfrage gem\u00e4\u00df dem anwendbaren Recht zu beantworten. Bei Bedarf k\u00f6nnen bestimmte Informationen an externe Datenverarbeitungsunternehmen weitergegeben werden, um Ihre Anfrage zu beantworten. Ihre Daten werden f\u00fcr die zur Bewertung und Bearbeitung Ihrer Anfrage erforderliche Zeit verarbeitet und anschlie\u00dfend f\u00fcr einen ausreichend langen Zeitraum gespeichert, um uns zu erm\u00f6glichen, nachzuweisen, dass die Anfrage korrekt und fristgerecht bearbeitet wurde.   <\/li>\n\n\n\n<li>AKTUALISIERUNGEN DIESER DATENSCHUTZERKL\u00c4RUNG<br\/>Diese Datenschutzerkl\u00e4rung wurde im Mai 2021 aktualisiert. Wir behalten uns das Recht vor, diese Datenschutzerkl\u00e4rung regelm\u00e4\u00dfig zu \u00e4ndern oder zu aktualisieren, um \u00c4nderungen der gesetzlichen Anforderungen oder unserer Verarbeitungst\u00e4tigkeiten Rechnung zu tragen. Wir werden alle Aktualisierungen auf dieser Website ver\u00f6ffentlichen, die mit ihrer Ver\u00f6ffentlichung in Kraft treten. Wir empfehlen Ihnen, diese Datenschutzerkl\u00e4rung regelm\u00e4\u00dfig zu \u00fcberpr\u00fcfen, um zu erfahren, wie wir Ihre Daten verarbeiten.   <\/li>\n<\/ol>\n\n<p><\/p>\n\n<p><\/p>\n\n<p><\/p>\n\n<p><\/p>\n\n<p><\/p>\n\n<p><\/p>\n\n<p><\/p>\n\n<p><\/p>\n\n<p><\/p>\n\n<p><\/p>\n","protected":false},"excerpt":{"rendered":"<p>Politique de confidentialit\u00e9 DONN\u00c9ES PERSONNELLES \u2013 RGPD \u2013 AVIS DE CONFIDENTIALIT\u00c9SCette page explique comment les donn\u00e9es \u00e0 caract\u00e8re personnel (\u00ab Donn\u00e9es \u00bb) que vous avez fournies par l\u2019interm\u00e9diaire de ce site web et qui ont \u00e9t\u00e9 collect\u00e9es par Ar\u00f4me (\u00ab nous \u00bb, \u00ab notre \u00bb) seront trait\u00e9es conform\u00e9ment aux lois et r\u00e8glements applicables. Nous nous [&hellip;]<\/p>\n","protected":false},"author":1,"featured_media":0,"parent":0,"menu_order":0,"comment_status":"closed","ping_status":"open","template":"","meta":{"footnotes":""},"class_list":["post-8007","page","type-page","status-publish","hentry"],"yoast_head":"<!-- This site is optimized with the Yoast SEO plugin v26.0 - https:\/\/yoast.com\/wordpress\/plugins\/seo\/ -->\n<title>Datenschutzerkl\u00e4rung - Sud Expertise immobili\u00e8re<\/title>\n<meta name=\"robots\" content=\"index, follow, max-snippet:-1, max-image-preview:large, max-video-preview:-1\" \/>\n<link rel=\"canonical\" href=\"https:\/\/www.sud-expertise.fr\/de\/datenschutzerklaerung\/\" \/>\n<meta property=\"og:locale\" content=\"de_DE\" \/>\n<meta property=\"og:type\" content=\"article\" \/>\n<meta property=\"og:title\" content=\"Datenschutzerkl\u00e4rung - Sud Expertise immobili\u00e8re\" \/>\n<meta property=\"og:description\" content=\"Politique de confidentialit\u00e9 DONN\u00c9ES PERSONNELLES \u2013 RGPD \u2013 AVIS DE CONFIDENTIALIT\u00c9SCette page explique comment les donn\u00e9es \u00e0 caract\u00e8re personnel (\u00ab Donn\u00e9es \u00bb) que vous avez fournies par l\u2019interm\u00e9diaire de ce site web et qui ont \u00e9t\u00e9 collect\u00e9es par Ar\u00f4me (\u00ab nous \u00bb, \u00ab notre \u00bb) seront trait\u00e9es conform\u00e9ment aux lois et r\u00e8glements applicables. Nous nous [&hellip;]\" \/>\n<meta property=\"og:url\" content=\"https:\/\/www.sud-expertise.fr\/de\/datenschutzerklaerung\/\" \/>\n<meta property=\"og:site_name\" content=\"Sud Expertise immobili\u00e8re\" \/>\n<meta property=\"article:modified_time\" content=\"2025-11-03T10:59:39+00:00\" \/>\n<meta name=\"twitter:card\" content=\"summary_large_image\" \/>\n<meta name=\"twitter:label1\" content=\"Gesch\u00e4tzte Lesezeit\" \/>\n\t<meta name=\"twitter:data1\" content=\"7\u00a0Minuten\" \/>\n<script type=\"application\/ld+json\" class=\"yoast-schema-graph\">{\"@context\":\"https:\/\/schema.org\",\"@graph\":[{\"@type\":\"WebPage\",\"@id\":\"https:\/\/www.sud-expertise.fr\/de\/datenschutzerklaerung\/\",\"url\":\"https:\/\/www.sud-expertise.fr\/de\/datenschutzerklaerung\/\",\"name\":\"Datenschutzerkl\u00e4rung - Sud Expertise immobili\u00e8re\",\"isPartOf\":{\"@id\":\"https:\/\/www.sud-expertise.fr\/de\/#website\"},\"datePublished\":\"2025-09-19T12:09:03+00:00\",\"dateModified\":\"2025-11-03T10:59:39+00:00\",\"breadcrumb\":{\"@id\":\"https:\/\/www.sud-expertise.fr\/de\/datenschutzerklaerung\/#breadcrumb\"},\"inLanguage\":\"de\",\"potentialAction\":[{\"@type\":\"ReadAction\",\"target\":[\"https:\/\/www.sud-expertise.fr\/de\/datenschutzerklaerung\/\"]}]},{\"@type\":\"BreadcrumbList\",\"@id\":\"https:\/\/www.sud-expertise.fr\/de\/datenschutzerklaerung\/#breadcrumb\",\"itemListElement\":[{\"@type\":\"ListItem\",\"position\":1,\"name\":\"Accueil\",\"item\":\"https:\/\/www.sud-expertise.fr\/de\/\"},{\"@type\":\"ListItem\",\"position\":2,\"name\":\"Datenschutzerkl\u00e4rung\"}]},{\"@type\":\"WebSite\",\"@id\":\"https:\/\/www.sud-expertise.fr\/de\/#website\",\"url\":\"https:\/\/www.sud-expertise.fr\/de\/\",\"name\":\"Sud Expertise immobili\u00e8re\",\"description\":\"\",\"potentialAction\":[{\"@type\":\"SearchAction\",\"target\":{\"@type\":\"EntryPoint\",\"urlTemplate\":\"https:\/\/www.sud-expertise.fr\/de\/?s={search_term_string}\"},\"query-input\":{\"@type\":\"PropertyValueSpecification\",\"valueRequired\":true,\"valueName\":\"search_term_string\"}}],\"inLanguage\":\"de\"}]}<\/script>\n<!-- \/ Yoast SEO plugin. -->","yoast_head_json":{"title":"Datenschutzerkl\u00e4rung - Sud Expertise immobili\u00e8re","robots":{"index":"index","follow":"follow","max-snippet":"max-snippet:-1","max-image-preview":"max-image-preview:large","max-video-preview":"max-video-preview:-1"},"canonical":"https:\/\/www.sud-expertise.fr\/de\/datenschutzerklaerung\/","og_locale":"de_DE","og_type":"article","og_title":"Datenschutzerkl\u00e4rung - Sud Expertise immobili\u00e8re","og_description":"Politique de confidentialit\u00e9 DONN\u00c9ES PERSONNELLES \u2013 RGPD \u2013 AVIS DE CONFIDENTIALIT\u00c9SCette page explique comment les donn\u00e9es \u00e0 caract\u00e8re personnel (\u00ab Donn\u00e9es \u00bb) que vous avez fournies par l\u2019interm\u00e9diaire de ce site web et qui ont \u00e9t\u00e9 collect\u00e9es par Ar\u00f4me (\u00ab nous \u00bb, \u00ab notre \u00bb) seront trait\u00e9es conform\u00e9ment aux lois et r\u00e8glements applicables. Nous nous [&hellip;]","og_url":"https:\/\/www.sud-expertise.fr\/de\/datenschutzerklaerung\/","og_site_name":"Sud Expertise immobili\u00e8re","article_modified_time":"2025-11-03T10:59:39+00:00","twitter_card":"summary_large_image","twitter_misc":{"Gesch\u00e4tzte Lesezeit":"7\u00a0Minuten"},"schema":{"@context":"https:\/\/schema.org","@graph":[{"@type":"WebPage","@id":"https:\/\/www.sud-expertise.fr\/de\/datenschutzerklaerung\/","url":"https:\/\/www.sud-expertise.fr\/de\/datenschutzerklaerung\/","name":"Datenschutzerkl\u00e4rung - Sud Expertise immobili\u00e8re","isPartOf":{"@id":"https:\/\/www.sud-expertise.fr\/de\/#website"},"datePublished":"2025-09-19T12:09:03+00:00","dateModified":"2025-11-03T10:59:39+00:00","breadcrumb":{"@id":"https:\/\/www.sud-expertise.fr\/de\/datenschutzerklaerung\/#breadcrumb"},"inLanguage":"de","potentialAction":[{"@type":"ReadAction","target":["https:\/\/www.sud-expertise.fr\/de\/datenschutzerklaerung\/"]}]},{"@type":"BreadcrumbList","@id":"https:\/\/www.sud-expertise.fr\/de\/datenschutzerklaerung\/#breadcrumb","itemListElement":[{"@type":"ListItem","position":1,"name":"Accueil","item":"https:\/\/www.sud-expertise.fr\/de\/"},{"@type":"ListItem","position":2,"name":"Datenschutzerkl\u00e4rung"}]},{"@type":"WebSite","@id":"https:\/\/www.sud-expertise.fr\/de\/#website","url":"https:\/\/www.sud-expertise.fr\/de\/","name":"Sud Expertise immobili\u00e8re","description":"","potentialAction":[{"@type":"SearchAction","target":{"@type":"EntryPoint","urlTemplate":"https:\/\/www.sud-expertise.fr\/de\/?s={search_term_string}"},"query-input":{"@type":"PropertyValueSpecification","valueRequired":true,"valueName":"search_term_string"}}],"inLanguage":"de"}]}},"_links":{"self":[{"href":"https:\/\/www.sud-expertise.fr\/de\/wp-json\/wp\/v2\/pages\/8007","targetHints":{"allow":["GET"]}}],"collection":[{"href":"https:\/\/www.sud-expertise.fr\/de\/wp-json\/wp\/v2\/pages"}],"about":[{"href":"https:\/\/www.sud-expertise.fr\/de\/wp-json\/wp\/v2\/types\/page"}],"author":[{"embeddable":true,"href":"https:\/\/www.sud-expertise.fr\/de\/wp-json\/wp\/v2\/users\/1"}],"replies":[{"embeddable":true,"href":"https:\/\/www.sud-expertise.fr\/de\/wp-json\/wp\/v2\/comments?post=8007"}],"version-history":[{"count":1,"href":"https:\/\/www.sud-expertise.fr\/de\/wp-json\/wp\/v2\/pages\/8007\/revisions"}],"predecessor-version":[{"id":8008,"href":"https:\/\/www.sud-expertise.fr\/de\/wp-json\/wp\/v2\/pages\/8007\/revisions\/8008"}],"wp:attachment":[{"href":"https:\/\/www.sud-expertise.fr\/de\/wp-json\/wp\/v2\/media?parent=8007"}],"curies":[{"name":"wp","href":"https:\/\/api.w.org\/{rel}","templated":true}]}}